{"id":7687,"date":"2013-05-10T18:50:13","date_gmt":"2013-05-10T16:50:13","guid":{"rendered":"https:\/\/hbcpanel.com\/albiz\/historiku\/"},"modified":"2024-08-22T12:19:25","modified_gmt":"2024-08-22T11:19:25","slug":"historiku","status":"publish","type":"page","link":"https:\/\/albiz.org.mk\/mk\/historiku\/","title":{"rendered":"\u0418\u0441\u0442\u043e\u0440\u0438\u0458\u0430"},"content":{"rendered":"\t\t<div data-elementor-type=\"wp-page\" data-elementor-id=\"7687\" class=\"elementor elementor-7687 elementor-83\">\n\t\t\t\t\t\t<section class=\"elementor-section elementor-top-section elementor-element elementor-element-6dbc6361 elementor-section-full_width elementor-section-height-default elementor-section-height-default\" data-id=\"6dbc6361\" data-element_type=\"section\" data-e-type=\"section\">\n\t\t\t\t\t\t<div class=\"elementor-container elementor-column-gap-no\">\n\t\t\t\t\t<div class=\"elementor-column elementor-col-100 elementor-top-column elementor-element elementor-element-3b5a90ee\" data-id=\"3b5a90ee\" data-element_type=\"column\" data-e-type=\"column\">\n\t\t\t<div class=\"elementor-widget-wrap elementor-element-populated\">\n\t\t\t\t\t\t<div class=\"elementor-element elementor-element-36552478 elementor-widget elementor-widget-oxpins-about\" data-id=\"36552478\" data-element_type=\"widget\" data-e-type=\"widget\" data-widget_type=\"oxpins-about.default\">\n\t\t\t\t<div class=\"elementor-widget-container\">\n\t\t\t\t\t\t<!--About Four Start-->\n\t<section class=\"about-four\">\n\t\t<div class=\"container\">\n\t\t\t<div class=\"row\">\n\t\t\t\t<div class=\"col-xl-6\">\n\t\t\t\t\t<div class=\"about-four__left\">\n\t\t\t\t\t\t<div class=\"about-four__img-box\">\n\t\t\t\t\t\t\t\t\t\t\t\t\t\t\t<div class=\"about-four__img\">\n\t\t\t\t\t\t\t\t\t<img decoding=\"async\" src=\"https:\/\/albiz.org.mk\/wp-content\/uploads\/2024\/02\/424722552_1100315398038173_1165069924009156656_n.jpg\" alt=\"\">\n\t\t\t\t\t\t\t\t<\/div>\n\t\t\t\t\t\t\t\t\t\t\t\t\t\t\t\t\t\t\t\t\t\t<div class=\"about-four__img-two\">\n\t\t\t\t\t\t\t\t\t<img decoding=\"async\" src=\"https:\/\/albiz.org.mk\/wp-content\/uploads\/2022\/09\/about-two-shape-3.png\" alt=\"alt\">\n\t\t\t\t\t\t\t\t<\/div>\n\t\t\t\t\t\t\t\t\t\t\t\t\t\t<div class=\"about-four__border\"><\/div>\n\t\t\t\t\t\t<\/div>\n\t\t\t\t\t<\/div>\n\t\t\t\t<\/div>\n\t\t\t\t<div class=\"col-xl-6\">\n\t\t\t\t\t<div class=\"about-four__right\">\n\t\t\t\t\t\t\t\t\t\t\t\t\t<div class=\"section-title text-left\">\n\t\t\t\t\t\t\t\t\t\t\t\t\t\t\t\t\t<span class=\"section-title__tagline\">\u0417\u0430 \u043d\u0430\u0441<\/span>\n\t\t\t\t\t\t\t\t\t\t\t\t\t\t\t\t\t\t\t\t\t\t\t\t\t<h2 class=\"section-title__title\">\u0417\u0430 \u0424\u043e\u043d\u0434\u0430\u0446\u0438\u0458\u0430\u0442\u0430 \u0410\u043b\u0431\u0438\u0437<\/h2>\n\t\t\t\t\t\t\t\t\t\t\t\t\t\t\t<\/div>\n\t\t\t\t\t\t\t\t\t\t\t\t\t\t\t\t\t\t\t<p class=\"about-four__text\">Fondacioni ALBIZ vijon t\u00eb rrezatoj\u00eb suksessh\u00ebm performanc\u00ebn e tij institucionale n\u00eb horizontin e shoq\u00ebris\u00eb civile,  me nj\u00eb vizion t\u00eb qart\u00eb dhe planifikim strategjik p\u00ebr realizimin e misionit t\u00eb saj duke promovuar p\u00ebrgjegj\u00ebsin\u00eb shoq\u00ebrore korporative dhe filantropin\u00eb.\n\nFondacioni ALBIZ \u00ebsht\u00eb institucion jo-fitimprur\u00ebs, i pavarur i themeluar n\u00eb mars t\u00eb vitit 2011, nga pronar\u00ebt e nd\u00ebrmarrjes s\u00eb njohur shqiptare Dauti Komerc . Themeluesit e Fondacionit u treguan si vizionar\u00eb dhe kjo organizat\u00eb b\u00ebri nj\u00eb pun\u00eb t\u00eb denj\u00eb p\u00ebr t\u00eb hyr\u00eb n\u00eb histori. Q\u00ebllimi dhe vizioni  i Fondacionit ALBIZ \u00ebsht\u00eb t\u00eb jet\u00eb lider n\u00eb promovimin e p\u00ebrgjegj\u00ebsis\u00eb shoq\u00ebrore korporative dhe filantropis\u00eb n\u00ebp\u00ebrmjet organizimit dhe promovimit t\u00eb platformave edukative-arsimore, ekonomike, sociale dhe kulturore t\u00eb shoq\u00ebris\u00eb ku vepron. Pik\u00ebrisht gjat\u00eb k\u00ebtyre viteve Fondacioni ALBIZ p\u00ebrcaktoi tri pika strategjike: platforma edukativo-arsimore, platforma kulturore dhe sportive dhe platforma socio-humanitare.<\/p>\n\t\t\t\t\t\t\t\t\t\t\t\t\t\t\t\t\t\t\t<ul class=\"list-unstyled about-four__points ml-0\">\n\t\t\t\t\t\t\t\t\t\t\t\t\t\t\t<\/ul>\n\t\t\t\t\t\t\t\t\t\t\t\t\t\t\t\t\t<\/div>\n\t\t\t\t<\/div>\n\t\t\t<\/div>\n\t\t<\/div>\n\t<\/section>\n\t<!--About Four End-->\n\t\t\t\t<\/div>\n\t\t\t\t<\/div>\n\t\t\t\t\t<\/div>\n\t\t<\/div>\n\t\t\t\t\t<\/div>\n\t\t<\/section>\n\t\t<div class=\"elementor-element elementor-element-6b52a0b e-flex e-con-boxed e-con e-parent\" data-id=\"6b52a0b\" data-element_type=\"container\" data-e-type=\"container\">\n\t\t\t\t\t<div class=\"e-con-inner\">\n\t\t\t\t<div class=\"elementor-element elementor-element-760554c elementor-widget elementor-widget-text-editor\" data-id=\"760554c\" data-element_type=\"widget\" data-e-type=\"widget\" data-widget_type=\"text-editor.default\">\n\t\t\t\t<div class=\"elementor-widget-container\">\n\t\t\t\t\t\t\t\t\t<p>P\u00ebr t\u00eb p\u00ebrcaktuar n\u00eb secil\u00ebn prej tri fushave par\u00ebsore t\u00eb sip\u00ebrp\u00ebrmendura vijoi pun\u00ebn me nj\u00eb num\u00ebr programesh dhe aktivitetesh si: programi bursa p\u00ebr nx\u00ebn\u00ebs dhe student\u00eb, trajnime t\u00eb ndryshme p\u00ebr zhvillimin e aft\u00ebsive e t\u00eb rinjve, platforma p\u00ebr ngritjen e vet\u00ebdijes kulturore, platforma p\u00ebr t\u00eb siguruar ndihm\u00eb t\u00eb atyre n\u00eb nevoj\u00eb, vlerat humane si dhe zhvillimin dhe p\u00ebrkrahjen e aktiviteteve filantropike.<\/p><p>P\u00ebrvoja e pes\u00eb viteve t\u00eb veprimtaris\u00eb s\u00eb Fondacionit ka arritje t\u00eb konsiderueshme, me nj\u00eb koh\u00ebzgjatje t\u00eb q\u00ebndrueshme. N\u00eb raportin e publikuar nga Qendra Maqedonase p\u00ebr Bashk\u00ebpunim Nd\u00ebrkomb\u00ebtar \u2018Besueshm\u00ebria n\u00eb Shoq\u00ebrin\u00eb Civile 2013\u2019, Fondacioni ALBIZ z\u00eb pozicion n\u00eb pjes\u00ebn e hulumtimit \u2018se sa jan\u00eb t\u00eb njohura p\u00ebr qytetar\u00ebt organizatat apo fondacionet n\u00eb baze t\u00eb veprimtaris\u00eb\u2019 \u2013 n\u00eb pjes\u00ebn e organizatave ku ata kontribuojn\u00eb n\u00eb zhvillimin ekonomik dhe pun\u00ebsimin, si dhe dekorimi me \u00c7mimi Nacional p\u00ebr \u201cPraktika m\u00eb t\u00eb mira t\u00eb p\u00ebrgjegj\u00ebsis\u00eb shoq\u00ebrore\u201d n\u00eb kategorin\u00eb Investimi n\u00eb Shoq\u00ebri p\u00ebr vitin 2014.<\/p><p>Krejt k\u00ebto jan\u00eb tregues relevant p\u00ebr pun\u00ebn dhe p\u00ebrkushtimin e Fondacionit ALBIZ, gjat\u00eb k\u00ebtyre 5 viteve n\u00eb misionit e vet \u201cP\u00ebr t\u00eb mir\u00ebn e shoq\u00ebris\u00eb\u201d.<\/p><p>N\u00eb 5 vjetorin e themelimit, m\u00eb 18 Shkurt 2016 Fondacioni DAUTI b\u00ebri ndryshime statutare duke zgjeruar themeluesit e saj nga nj\u00eb kompani themeluese n\u00eb pes\u00ebmb\u00ebdhjet\u00eb kompani t\u00eb cilat u bashkuan konceptit t\u00eb Fondacionit DAUTI p\u00ebr realizimin e misionit ton\u00eb n\u00eb konceptin e p\u00ebrgjegj\u00ebsis\u00eb shoq\u00ebrore korporatav, nj\u00ebherit Fondacioni DAUTI u ribrendua duke ndryshuar emrin n\u00eb Fondacioni Albiz.<\/p><p><strong>Misioni yn\u00eb vazhdon!<\/strong><\/p>\t\t\t\t\t\t\t\t<\/div>\n\t\t\t\t<\/div>\n\t\t\t\t\t<\/div>\n\t\t\t\t<\/div>\n\t\t\t\t<\/div>\n\t\t","protected":false},"excerpt":{"rendered":"<p>\u0417\u0430 \u043d\u0430\u0441 \u0417\u0430 \u0424\u043e\u043d\u0434\u0430\u0446\u0438\u0458\u0430\u0442\u0430 \u0410\u043b\u0431\u0438\u0437 Fondacioni ALBIZ vijon t\u00eb rrezatoj\u00eb suksessh\u00ebm performanc\u00ebn e tij institucionale n\u00eb horizontin e shoq\u00ebris\u00eb civile, me nj\u00eb vizion t\u00eb qart\u00eb dhe planifikim strategjik p\u00ebr realizimin e misionit t\u00eb saj duke promovuar p\u00ebrgjegj\u00ebsin\u00eb shoq\u00ebrore korporative dhe filantropin\u00eb. Fondacioni ALBIZ \u00ebsht\u00eb institucion jo-fitimprur\u00ebs, i pavarur i themeluar n\u00eb mars t\u00eb vitit 2011, [&hellip;]<\/p>\n","protected":false},"author":7,"featured_media":0,"parent":0,"menu_order":1,"comment_status":"closed","ping_status":"closed","template":"elementor_header_footer","meta":{"footnotes":""},"class_list":["post-7687","page","type-page","status-publish","hentry"],"_links":{"self":[{"href":"https:\/\/albiz.org.mk\/mk\/wp-json\/wp\/v2\/pages\/7687","targetHints":{"allow":["GET"]}}],"collection":[{"href":"https:\/\/albiz.org.mk\/mk\/wp-json\/wp\/v2\/pages"}],"about":[{"href":"https:\/\/albiz.org.mk\/mk\/wp-json\/wp\/v2\/types\/page"}],"author":[{"embeddable":true,"href":"https:\/\/albiz.org.mk\/mk\/wp-json\/wp\/v2\/users\/7"}],"replies":[{"embeddable":true,"href":"https:\/\/albiz.org.mk\/mk\/wp-json\/wp\/v2\/comments?post=7687"}],"version-history":[{"count":4,"href":"https:\/\/albiz.org.mk\/mk\/wp-json\/wp\/v2\/pages\/7687\/revisions"}],"predecessor-version":[{"id":8077,"href":"https:\/\/albiz.org.mk\/mk\/wp-json\/wp\/v2\/pages\/7687\/revisions\/8077"}],"wp:attachment":[{"href":"https:\/\/albiz.org.mk\/mk\/wp-json\/wp\/v2\/media?parent=7687"}],"curies":[{"name":"wp","href":"https:\/\/api.w.org\/{rel}","templated":true}]}}